{"id":1332,"date":"2018-12-07T10:54:36","date_gmt":"2018-12-07T10:54:36","guid":{"rendered":"http:\/\/emiliaromagnainberlin.de\/privacy-policy\/"},"modified":"2019-04-14T16:31:00","modified_gmt":"2019-04-14T16:31:00","slug":"privacy-policy","status":"publish","type":"page","link":"https:\/\/emiliaromagnainberlin.de\/de\/privacy-policy\/","title":{"rendered":"Datenschutzerkl\u00e4rung"},"content":{"rendered":"\n<p>\nDiese\nDatenschutzerkl\u00e4rung kl\u00e4rt Sie \u00fcber die Art, den Umfang und Zweck\nder Verarbeitung von personenbezogenen Daten (nachfolgend kurz\n\u201eDaten\u201c) im Rahmen der Erbringung unserer Leistungen sowie\ninnerhalb unseres Onlineangebotes und der mit ihm verbundenen\nWebseiten, Funktionen und Inhalte sowie externen Onlinepr\u00e4senzen,\nwie z.B. unser Social Media Profile auf (nachfolgend gemeinsam\nbezeichnet als \u201eOnlineangebot\u201c). Im Hinblick auf die verwendeten\nBegrifflichkeiten, wie z.B. \u201eVerarbeitung\u201c oder\n\u201eVerantwortlicher\u201c verweisen wir auf die Definitionen im Art. 4\nder Datenschutzgrundverordnung (DSGVO). \n<\/p>\n\n\n\n<h3 class=\"wp-block-heading\">\n<strong>Verantwortlicher<\/strong><\/h3>\n\n\n\n<p>\nEmilia\nRomagna in Berlin e.V.<br>\nc\/o Jonas Brambati<br>\nMittenwalder Str.\n44<br>\n10961 Berlin<br>\nDeutschland<br>\n<br>\nE-Mailadresse:\ninfo@emiliaromagnainberlin.de<br>\n1. Vorsitzender: Jonas\nBrambati<br>\nLink zum Impressum:\nhttp:\/\/emiliaromagnainberlin.de\/impressum\/<\/p>\n\n\n\n<h3 class=\"wp-block-heading\">\n<strong>Arten\nder verarbeiteten Daten<\/strong><\/h3>\n\n\n\n<p>\n&#8211;\nBestandsdaten (z.B., Personen-Stammdaten, Namen oder Adressen).<br>\n&#8211;\nKontaktdaten (z.B., E-Mail, Telefonnummern).<br>\n&#8211; Inhaltsdaten\n(z.B., Texteingaben, Fotografien, Videos).<br>\n&#8211; Nutzungsdaten\n(z.B., besuchte Webseiten, Interesse an Inhalten, Zugriffszeiten).<br>\n&#8211;\nMeta-\/Kommunikationsdaten (z.B., Ger\u00e4te-Informationen, IP-Adressen).<\/p>\n\n\n\n<h3 class=\"wp-block-heading\">\n<strong>Kategorien\nbetroffener Personen<\/strong><\/h3>\n\n\n\n<p>\nBesucher\nund Nutzer des Onlineangebotes (Nachfolgend bezeichnen wir die\nbetroffenen Personen zusammenfassend auch als \u201eNutzer\u201c).<\/p>\n\n\n\n<h3 class=\"wp-block-heading\">\n<strong>Zweck\nder Verarbeitung<\/strong><\/h3>\n\n\n\n<p>\n&#8211;\nZurverf\u00fcgungstellung des Onlineangebotes, seiner Funktionen und\nInhalte.<br>\n&#8211; Beantwortung von Kontaktanfragen und Kommunikation\nmit Nutzern.<br>\n&#8211; Sicherheitsma\u00dfnahmen.<br>\n&#8211;\nReichweitenmessung\/Marketing<\/p>\n\n\n\n<h3 class=\"wp-block-heading\">\n<strong>Verwendete\nBegrifflichkeiten <\/strong>\n<\/h3>\n\n\n\n<p>\n\u201ePersonenbezogene\nDaten\u201c sind alle Informationen, die sich auf eine identifizierte\noder identifizierbare nat\u00fcrliche Person (im Folgenden \u201ebetroffene\nPerson\u201c) beziehen; als identifizierbar wird eine nat\u00fcrliche Person\nangesehen, die direkt oder indirekt, insbesondere mittels Zuordnung\nzu einer Kennung wie einem Namen, zu einer Kennnummer, zu\nStandortdaten, zu einer Online-Kennung (z.B. Cookie) oder zu einem\noder mehreren besonderen Merkmalen identifiziert werden kann, die\nAusdruck der physischen, physiologischen, genetischen, psychischen,\nwirtschaftlichen, kulturellen oder sozialen Identit\u00e4t dieser\nnat\u00fcrlichen Person sind.<br>\n<br>\n\u201eVerarbeitung\u201c ist jeder mit\noder ohne Hilfe automatisierter Verfahren ausgef\u00fchrte Vorgang oder\njede solche Vorgangsreihe im Zusammenhang mit personenbezogenen\nDaten. Der Begriff reicht weit und umfasst praktisch jeden Umgang mit\nDaten.<br>\n<br>\n\u201ePseudonymisierung\u201c die Verarbeitung\npersonenbezogener Daten in einer Weise, dass die personenbezogenen\nDaten ohne Hinzuziehung zus\u00e4tzlicher Informationen nicht mehr einer\nspezifischen betroffenen Person zugeordnet werden k\u00f6nnen, sofern\ndiese zus\u00e4tzlichen Informationen gesondert aufbewahrt werden und\ntechnischen und organisatorischen Ma\u00dfnahmen unterliegen, die\ngew\u00e4hrleisten, dass die personenbezogenen Daten nicht einer\nidentifizierten oder identifizierbaren nat\u00fcrlichen Person zugewiesen\nwerden.<br>\n<br>\n\u201eProfiling\u201c jede Art der automatisierten\nVerarbeitung personenbezogener Daten, die darin besteht, dass diese\npersonenbezogenen Daten verwendet werden, um bestimmte pers\u00f6nliche\nAspekte, die sich auf eine nat\u00fcrliche Person beziehen, zu bewerten,\ninsbesondere um Aspekte bez\u00fcglich Arbeitsleistung, wirtschaftliche\nLage, Gesundheit, pers\u00f6nliche Vorlieben, Interessen,\nZuverl\u00e4ssigkeit, Verhalten, Aufenthaltsort oder Ortswechsel dieser\nnat\u00fcrlichen Person zu analysieren oder vorherzusagen.<br>\n<br>\nAls\n\u201eVerantwortlicher\u201c wird die nat\u00fcrliche oder juristische Person,\nBeh\u00f6rde, Einrichtung oder andere Stelle, die allein oder gemeinsam\nmit anderen \u00fcber die Zwecke und Mittel der Verarbeitung von\npersonenbezogenen Daten entscheidet,\nbezeichnet.<br>\n<br>\n\u201eAuftragsverarbeiter\u201c eine nat\u00fcrliche\noder juristische Person, Beh\u00f6rde, Einrichtung oder andere Stelle,\ndie personenbezogene Daten im Auftrag des Verantwortlichen\nverarbeitet.<\/p>\n\n\n\n<h3 class=\"wp-block-heading\">\n<strong>Ma\u00dfgebliche\nRechtsgrundlagen<\/strong><\/h3>\n\n\n\n<p>\nNach\nMa\u00dfgabe des Art. 13 DSGVO teilen wir Ihnen die Rechtsgrundlagen\nunserer Datenverarbeitungen mit. F\u00fcr Nutzer aus dem Geltungsbereich\nder Datenschutzgrundverordnung (DSGVO), d.h. der EU und des EWG gilt,\nsofern die Rechtsgrundlage in der Datenschutzerkl\u00e4rung nicht genannt\nwird, Folgendes: <br>\nDie Rechtsgrundlage f\u00fcr die Einholung von\nEinwilligungen ist Art. 6 Abs. 1 lit. a und Art. 7 DSGVO;<br>\nDie\nRechtsgrundlage f\u00fcr die Verarbeitung zur Erf\u00fcllung unserer\nLeistungen und Durchf\u00fchrung vertraglicher Ma\u00dfnahmen sowie\nBeantwortung von Anfragen ist Art. 6 Abs. 1 lit. b DSGVO;<br>\nDie\nRechtsgrundlage f\u00fcr die Verarbeitung zur Erf\u00fcllung unserer\nrechtlichen Verpflichtungen ist Art. 6 Abs. 1 lit. c DSGVO;<br>\nF\u00fcr\nden Fall, dass lebenswichtige Interessen der betroffenen Person oder\neiner anderen nat\u00fcrlichen Person eine Verarbeitung personenbezogener\nDaten erforderlich machen, dient Art. 6 Abs. 1 lit. d DSGVO als\nRechtsgrundlage.<br>\nDie Rechtsgrundlage f\u00fcr die erforderliche\nVerarbeitung zur Wahrnehmung einer Aufgabe, die im \u00f6ffentlichen\nInteresse liegt oder in Aus\u00fcbung \u00f6ffentlicher Gewalt erfolgt, die\ndem Verantwortlichen \u00fcbertragen wurde ist Art. 6 Abs. 1 lit. e\nDSGVO. <br>\nDie Rechtsgrundlage f\u00fcr die Verarbeitung zur Wahrung\nunserer berechtigten Interessen ist Art. 6 Abs. 1 lit. f DSGVO. <br>\nDie\nVerarbeitung von Daten zu anderen Zwecken als denen, zu denen sie\nerhoben wurden, bestimmt sich nach den Vorgaben des Art 6 Abs. 4\nDSGVO. <br>\nDie Verarbeitung von besonderen Kategorien von Daten\n(entsprechend Art. 9 Abs. 1 DSGVO) bestimmt sich nach den Vorgaben\ndes Art. 9 Abs. 2 DSGVO. \n<\/p>\n\n\n\n<h3 class=\"wp-block-heading\">\n<strong>Sicherheitsma\u00dfnahmen<\/strong><\/h3>\n\n\n\n<p>\nWir\ntreffen nach Ma\u00dfgabe der gesetzlichen Vorgabenunter Ber\u00fccksichtigung\ndes Stands der Technik, der Implementierungskosten und der Art, des\nUmfangs, der Umst\u00e4nde und der Zwecke der Verarbeitung sowie der\nunterschiedlichen Eintrittswahrscheinlichkeit und Schwere des Risikos\nf\u00fcr die Rechte und Freiheiten nat\u00fcrlicher Personen, geeignete\ntechnische und organisatorische Ma\u00dfnahmen, um ein dem Risiko\nangemessenes Schutzniveau zu gew\u00e4hrleisten.<br>\n<br>\nZu den\nMa\u00dfnahmen geh\u00f6ren insbesondere die Sicherung der Vertraulichkeit,\nIntegrit\u00e4t und Verf\u00fcgbarkeit von Daten durch Kontrolle des\nphysischen Zugangs zu den Daten, als auch des sie betreffenden\nZugriffs, der Eingabe, Weitergabe, der Sicherung der Verf\u00fcgbarkeit\nund ihrer Trennung. Des Weiteren haben wir Verfahren eingerichtet,\ndie eine Wahrnehmung von Betroffenenrechten, L\u00f6schung von Daten und\nReaktion auf Gef\u00e4hrdung der Daten gew\u00e4hrleisten. Ferner\nber\u00fccksichtigen wir den Schutz personenbezogener Daten bereits bei\nder Entwicklung, bzw. Auswahl von Hardware, Software sowie Verfahren,\nentsprechend dem Prinzip des Datenschutzes durch Technikgestaltung\nund durch datenschutzfreundliche Voreinstellungen.<\/p>\n\n\n\n<h3 class=\"wp-block-heading\">\n<strong>Zusammenarbeit\nmit Auftragsverarbeitern, gemeinsam Verantwortlichen und Dritten<\/strong><\/h3>\n\n\n\n<p>\nSofern\nwir im Rahmen unserer Verarbeitung Daten gegen\u00fcber anderen Personen\nund Unternehmen (Auftragsverarbeitern, gemeinsam Verantwortlichen\noder Dritten) offenbaren, sie an diese \u00fcbermitteln oder ihnen sonst\nZugriff auf die Daten gew\u00e4hren, erfolgt dies nur auf Grundlage einer\ngesetzlichen Erlaubnis (z.B. wenn eine \u00dcbermittlung der Daten an\nDritte, wie an Zahlungsdienstleister, zur Vertragserf\u00fcllung\nerforderlich ist), Nutzer eingewilligt haben, eine rechtliche\nVerpflichtung dies vorsieht oder auf Grundlage unserer berechtigten\nInteressen (z.B. beim Einsatz von Beauftragten, Webhostern, etc.).\n<br>\n<br>\nSofern wir Daten anderen Unternehmen unserer\nUnternehmensgruppe offenbaren, \u00fcbermitteln oder ihnen sonst den\nZugriff gew\u00e4hren, erfolgt dies insbesondere zu administrativen\nZwecken als berechtigtes Interesse und dar\u00fcberhinausgehend auf einer\nden gesetzlichen Vorgaben entsprechenden Grundlage. \n<\/p>\n\n\n\n<h3 class=\"wp-block-heading\">\n<strong>\u00dcbermittlungen\nin Drittl\u00e4nder<\/strong><\/h3>\n\n\n\n<p>\nSofern\nwir Daten in einem Drittland (d.h. au\u00dferhalb der Europ\u00e4ischen Union\n(EU), des Europ\u00e4ischen Wirtschaftsraums (EWR) oder der Schweizer\nEidgenossenschaft) verarbeiten oder dies im Rahmen der\nInanspruchnahme von Diensten Dritter oder Offenlegung, bzw.\n\u00dcbermittlung von Daten an andere Personen oder Unternehmen\ngeschieht, erfolgt dies nur, wenn es zur Erf\u00fcllung unserer\n(vor)vertraglichen Pflichten, auf Grundlage Ihrer Einwilligung,\naufgrund einer rechtlichen Verpflichtung oder auf Grundlage unserer\nberechtigten Interessen geschieht. Vorbehaltlich ausdr\u00fccklicher\nEinwilligung oder vertraglich erforderlicher \u00dcbermittlung,\nverarbeiten oder lassen wir die Daten nur in Drittl\u00e4ndern mit einem\nanerkannten Datenschutzniveau, zu denen die unter dem\n&#8222;Privacy-Shield&#8220; zertifizierten US-Verarbeiter geh\u00f6ren\noder auf Grundlage besonderer Garantien, wie z.B. vertraglicher\nVerpflichtung durch sogenannte Standardschutzklauseln der\nEU-Kommission, dem Vorliegen von Zertifizierungen oder verbindlichen\ninternen Datenschutzvorschriften verarbeiten (Art. 44 bis 49 DSGVO,\n<a href=\"https:\/\/ec.europa.eu\/info\/law\/law-topic\/data-protection\/data-transfers-outside-eu_de\">Informationsseite\nder EU-Kommission<\/a>).<\/p>\n\n\n\n<h3 class=\"wp-block-heading\">\n<strong>Rechte\nder betroffenen Personen<\/strong><\/h3>\n\n\n\n<p>\nSie\nhaben das Recht, eine Best\u00e4tigung dar\u00fcber zu verlangen, ob\nbetreffende Daten verarbeitet werden und auf Auskunft \u00fcber diese\nDaten sowie auf weitere Informationen und Kopie der Daten\nentsprechend den gesetzlichen Vorgaben.<br>\n<br>\nSie haben\nentsprechend. den gesetzlichen Vorgaben das Recht, die\nVervollst\u00e4ndigung der Sie betreffenden Daten oder die Berichtigung\nder Sie betreffenden unrichtigen Daten zu verlangen.<br>\n<br>\nSie\nhaben nach Ma\u00dfgabe der gesetzlichen Vorgaben das Recht zu verlangen,\ndass betreffende Daten unverz\u00fcglich gel\u00f6scht werden, bzw.\nalternativ nach Ma\u00dfgabe der gesetzlichen Vorgaben eine Einschr\u00e4nkung\nder Verarbeitung der Daten zu verlangen.<br>\n<br>\nSie haben das\nRecht zu verlangen, dass die Sie betreffenden Daten, die Sie uns\nbereitgestellt haben nach Ma\u00dfgabe der gesetzlichen Vorgaben zu\nerhalten und deren \u00dcbermittlung an andere Verantwortliche zu\nfordern. <br>\n<br>\nSie haben ferner nach Ma\u00dfgabe der gesetzlichen\nVorgaben das Recht, eine Beschwerde bei der zust\u00e4ndigen\nAufsichtsbeh\u00f6rde einzureichen.<\/p>\n\n\n\n<h3 class=\"wp-block-heading\">\n<strong>Widerrufsrecht<\/strong><\/h3>\n\n\n\n<p>\nSie\nhaben das Recht, erteilte Einwilligungen mit Wirkung f\u00fcr die Zukunft\nzu widerrufen.<\/p>\n\n\n\n<h3 class=\"wp-block-heading\">\n<strong>Widerspruchsrecht<\/strong><\/h3>\n\n\n\n<p> Sie k\u00f6nnen der k\u00fcnftigen Verarbeitung der Sie betreffenden Daten nach Ma\u00dfgabe der gesetzlichen Vorgaben jederzeit widersprechen. Der Widerspruch kann insbesondere gegen die Verarbeitung f\u00fcr Zwecke der Direktwerbung erfolgen.<\/p>\n\n\n\n<h3 class=\"wp-block-heading\">\n<strong>Cookies\nund Widerspruchsrecht bei Direktwerbung<\/strong><\/h3>\n\n\n\n<p>\nAls\n\u201eCookies\u201c werden kleine Dateien bezeichnet, die auf Rechnern der\nNutzer gespeichert werden. Innerhalb der Cookies k\u00f6nnen\nunterschiedliche Angaben gespeichert werden. Ein Cookie dient prim\u00e4r\ndazu, die Angaben zu einem Nutzer (bzw. dem Ger\u00e4t auf dem das Cookie\ngespeichert ist) w\u00e4hrend oder auch nach seinem Besuch innerhalb\neines Onlineangebotes zu speichern. Als tempor\u00e4re Cookies, bzw.\n\u201eSession-Cookies\u201c oder \u201etransiente Cookies\u201c, werden Cookies\nbezeichnet, die gel\u00f6scht werden, nachdem ein Nutzer ein\nOnlineangebot verl\u00e4sst und seinen Browser schlie\u00dft. In einem\nsolchen Cookie kann z.B. der Inhalt eines Warenkorbs in einem\nOnlineshop oder ein Login-Status gespeichert werden. Als \u201epermanent\u201c\noder \u201epersistent\u201c werden Cookies bezeichnet, die auch nach dem\nSchlie\u00dfen des Browsers gespeichert bleiben. So kann z.B. der\nLogin-Status gespeichert werden, wenn die Nutzer diese nach mehreren\nTagen aufsuchen. Ebenso k\u00f6nnen in einem solchen Cookie die\nInteressen der Nutzer gespeichert werden, die f\u00fcr Reichweitenmessung\noder Marketingzwecke verwendet werden. Als \u201eThird-Party-Cookie\u201c\nwerden Cookies bezeichnet, die von anderen Anbietern als dem\nVerantwortlichen, der das Onlineangebot betreibt, angeboten werden\n(andernfalls, wenn es nur dessen Cookies sind spricht man von\n\u201eFirst-Party Cookies\u201c).<br>\n<br>\nWir k\u00f6nnen tempor\u00e4re und\npermanente Cookies einsetzen und kl\u00e4ren hier\u00fcber im Rahmen unserer\nDatenschutzerkl\u00e4rung auf.<br>\n<br>\nSofern wir die Nutzer um eine\nEinwilligung in den Einsatz von Cookies bitten (z.B. im Rahmen einer\nCookie-Einwilligung), ist die Rechtsgrundlage dieser Verarbeitung\nArt. 6 Abs. 1 lit. a. DSGVO. Ansonsten werden die personenbezogenen\nCookies der Nutzer entsprechend den nachfolgenden Erl\u00e4uterungen im\nRahmen dieser Datenschutzerkl\u00e4rung auf Grundlage unserer\nberechtigten Interessen (d.h. Interesse an der Analyse, Optimierung\nund wirtschaftlichem Betrieb unseres Onlineangebotes im Sinne des\nArt. 6 Abs. 1 lit. f. DSGVO) oder sofern der Einsatz von Cookies zur\nErbringung unserer vertragsbezogenen Leistungen erforderlich ist,\ngem. Art. 6 Abs. 1 lit. b. DSGVO, bzw. sofern der Einsatz von Cookies\nf\u00fcr die Wahrnehmung einer Aufgabe, die im \u00f6ffentlichen Interesse\nliegt erforderlich ist oder in Aus\u00fcbung \u00f6ffentlicher Gewalt\nerfolgt, gem. Art. 6 Abs. 1 lit. e. DSGVO, verarbeitet.<br>\n<br>\nFalls\ndie Nutzer nicht m\u00f6chten, dass Cookies auf ihrem Rechner gespeichert\nwerden, werden sie gebeten die entsprechende Option in den\nSystemeinstellungen ihres Browsers zu deaktivieren. Gespeicherte\nCookies k\u00f6nnen in den Systemeinstellungen des Browsers gel\u00f6scht\nwerden. Der Ausschluss von Cookies kann zu Funktionseinschr\u00e4nkungen\ndieses Onlineangebotes f\u00fchren.<br>\n<br>\nEin genereller Widerspruch\ngegen den Einsatz der zu Zwecken des Onlinemarketing eingesetzten\nCookies kann bei einer Vielzahl der Dienste, vor allem im Fall des\nTrackings, \u00fcber die US-amerikanische Seite\n<a href=\"http:\/\/www.aboutads.info\/choices\/\">http:\/\/www.aboutads.info\/choices\/<\/a>\noder die EU-Seite <a href=\"http:\/\/www.youronlinechoices.com\/\">http:\/\/www.youronlinechoices.com\/<\/a>\nerkl\u00e4rt werden. Des Weiteren kann die Speicherung von Cookies\nmittels deren Abschaltung in den Einstellungen des Browsers erreicht\nwerden. Bitte beachten Sie, dass dann gegebenenfalls nicht alle\nFunktionen dieses Onlineangebotes genutzt werden k\u00f6nnen.<\/p>\n\n\n\n<h3 class=\"wp-block-heading\">\n<strong>L\u00f6schung\nvon Daten<\/strong><\/h3>\n\n\n\n<p>\nDie\nvon uns verarbeiteten Daten werden nach Ma\u00dfgabe der gesetzlichen\nVorgaben gel\u00f6scht oder in ihrer Verarbeitung eingeschr\u00e4nkt. Sofern\nnicht im Rahmen dieser Datenschutzerkl\u00e4rung ausdr\u00fccklich angegeben,\nwerden die bei uns gespeicherten Daten gel\u00f6scht, sobald sie f\u00fcr\nihre Zweckbestimmung nicht mehr erforderlich sind und der L\u00f6schung\nkeine gesetzlichen Aufbewahrungspflichten entgegenstehen. <br>\n<br>\nSofern\ndie Daten nicht gel\u00f6scht werden, weil sie f\u00fcr andere und gesetzlich\nzul\u00e4ssige Zwecke erforderlich sind, wird deren Verarbeitung\neingeschr\u00e4nkt. D.h. die Daten werden gesperrt und nicht f\u00fcr andere\nZwecke verarbeitet. Das gilt z.B. f\u00fcr Daten, die aus handels- oder\nsteuerrechtlichen Gr\u00fcnden aufbewahrt werden m\u00fcssen.<\/p>\n\n\n\n<h3 class=\"wp-block-heading\">\n<strong>\u00c4nderungen\nund Aktualisierungen der Datenschutzerkl\u00e4rung<\/strong><\/h3>\n\n\n\n<p>\nWir\nbitten Sie sich regelm\u00e4\u00dfig \u00fcber den Inhalt unserer\nDatenschutzerkl\u00e4rung zu informieren. Wir passen die\nDatenschutzerkl\u00e4rung an, sobald die \u00c4nderungen der von uns\ndurchgef\u00fchrten Datenverarbeitungen dies erforderlich machen. Wir\ninformieren Sie, sobald durch die \u00c4nderungen eine\nMitwirkungshandlung Ihrerseits (z.B. Einwilligung) oder eine sonstige\nindividuelle Benachrichtigung erforderlich wird.<\/p>\n\n\n\n<h3 class=\"wp-block-heading\">\n<strong>Erbringung\nunserer satzungs- und gesch\u00e4ftsgem\u00e4\u00dfen Leistungen<\/strong><\/h3>\n\n\n\n<p>\nWir\nverarbeiten die Daten unserer Mitglieder, Unterst\u00fctzer,\nInteressenten, Kunden oder sonstiger Personen entsprechend Art. 6\nAbs. 1 lit. b. DSGVO, sofern wir ihnen gegen\u00fcber vertragliche\nLeistungen anbieten oder im Rahmen bestehender gesch\u00e4ftlicher\nBeziehung, z.B. gegen\u00fcber Mitgliedern, t\u00e4tig werden oder selbst\nEmpf\u00e4nger von Leistungen und Zuwendungen sind. Im \u00dcbrigen\nverarbeiten wir die Daten betroffener Personen gem. Art. 6 Abs. 1\nlit. f. DSGVO auf Grundlage unserer berechtigten Interessen, z.B.\nwenn es sich um administrative Aufgaben oder \u00d6ffentlichkeitsarbeit\nhandelt.<br>\n<br>\nDie hierbei verarbeiteten Daten, die Art, der\nUmfang und der Zweck und die Erforderlichkeit ihrer Verarbeitung\nbestimmen sich nach dem zugrundeliegenden Vertragsverh\u00e4ltnis. Dazu\ngeh\u00f6ren grunds\u00e4tzlich Bestands- und Stammdaten der Personen (z.B.,\nName, Adresse, etc.), als auch die Kontaktdaten (z.B., E-Mailadresse,\nTelefon, etc.), die Vertragsdaten (z.B., in Anspruch genommene\nLeistungen, mitgeteilte Inhalte und Informationen, Namen von\nKontaktpersonen) und sofern wir zahlungspflichtige Leistungen oder\nProdukte anbieten, Zahlungsdaten (z.B., Bankverbindung,\nZahlungshistorie, etc.).<br>\n<br>\nWir l\u00f6schen Daten, die zur\nErbringung unserer satzungs- und gesch\u00e4ftsm\u00e4\u00dfigen Zwecke nicht\nmehr erforderlich sind. Dies bestimmt sich entsprechend der\njeweiligen Aufgaben und vertraglichen Beziehungen. Im Fall\ngesch\u00e4ftlicher Verarbeitung bewahren wir die Daten so lange auf, wie\nsie zur Gesch\u00e4ftsabwicklung, als auch im Hinblick auf etwaige\nGew\u00e4hrleistungs- oder Haftungspflichten relevant sein k\u00f6nnen. Die\nErforderlichkeit der Aufbewahrung der Daten wird alle drei Jahre\n\u00fcberpr\u00fcft; im \u00dcbrigen gelten die gesetzlichen\nAufbewahrungspflichten.<\/p>\n\n\n\n<h3 class=\"wp-block-heading\">\n<strong>Kontaktaufnahme<\/strong><\/h3>\n\n\n\n<p>\nBei\nder Kontaktaufnahme mit uns (z.B. per Kontaktformular, E-Mail,\nTelefon oder via sozialer Medien) werden die Angaben des Nutzers zur\nBearbeitung der Kontaktanfrage und deren Abwicklung gem. Art. 6 Abs.\n1 lit. b. (im Rahmen vertraglicher-\/vorvertraglicher Beziehungen),\nArt. 6 Abs. 1 lit. f. (andere Anfragen) DSGVO verarbeitet.. Die\nAngaben der Nutzer k\u00f6nnen in einem Customer-Relationship-Management\nSystem (&#8222;CRM System&#8220;) oder vergleichbarer\nAnfragenorganisation gespeichert werden.<br>\n<br>\nWir l\u00f6schen die\nAnfragen, sofern diese nicht mehr erforderlich sind. Wir \u00fcberpr\u00fcfen\ndie Erforderlichkeit alle zwei Jahre; Ferner gelten die gesetzlichen\nArchivierungspflichten.<\/p>\n\n\n\n<h3 class=\"wp-block-heading\">\n<strong>Newsletter<\/strong><\/h3>\n\n\n\n<p>\nMit\nden nachfolgenden Hinweisen informieren wir Sie \u00fcber die Inhalte\nunseres Newsletters sowie das Anmelde-, Versand- und das statistische\nAuswertungsverfahren sowie Ihre Widerspruchsrechte auf. Indem Sie\nunseren Newsletter abonnieren, erkl\u00e4ren Sie sich mit dem Empfang und\nden beschriebenen Verfahren einverstanden.<br>\n<br>\nInhalt des\nNewsletters: Wir versenden Newsletter, E-Mails und weitere\nelektronische Benachrichtigungen mit werblichen Informationen\n(nachfolgend \u201eNewsletter\u201c) nur mit der Einwilligung der Empf\u00e4nger\noder einer gesetzlichen Erlaubnis. Sofern im Rahmen einer Anmeldung\nzum Newsletter dessen Inhalte konkret umschrieben werden, sind sie\nf\u00fcr die Einwilligung der Nutzer ma\u00dfgeblich. Im \u00dcbrigen enthalten\nunsere Newsletter Informationen zu unseren Leistungen und\nuns.<br>\n<br>\nDouble-Opt-In und Protokollierung: Die Anmeldung zu\nunserem Newsletter erfolgt in einem sog. Double-Opt-In-Verfahren.\nD.h. Sie erhalten nach der Anmeldung eine E-Mail, in der Sie um die\nBest\u00e4tigung Ihrer Anmeldung gebeten werden. Diese Best\u00e4tigung ist\nnotwendig, damit sich niemand mit fremden E-Mailadressen anmelden\nkann. Die Anmeldungen zum Newsletter werden protokolliert, um den\nAnmeldeprozess entsprechend den rechtlichen Anforderungen nachweisen\nzu k\u00f6nnen. Hierzu geh\u00f6rt die Speicherung des Anmelde- und des\nBest\u00e4tigungszeitpunkts, als auch der IP-Adresse. Ebenso werden die\n\u00c4nderungen Ihrer bei dem Versanddienstleister gespeicherten Daten\nprotokolliert.<br>\n<br>\nAnmeldedaten: Um sich f\u00fcr den Newsletter\nanzumelden, reicht es aus, wenn Sie Ihre E-Mailadresse angeben.\nOptional bitten wir Sie einen Namen, zwecks pers\u00f6nlicher Ansprache\nim Newsletters anzugeben.<br>\n<br>\nDer Versand des Newsletters und\ndie mit ihm verbundene Erfolgsmessung erfolgen auf Grundlage einer\nEinwilligung der Empf\u00e4nger gem. Art. 6 Abs. 1 lit. a, Art. 7 DSGVO\ni.V.m \u00a7 7 Abs. 2 Nr. 3 UWG oder falls eine Einwilligung nicht\nerforderlich ist, auf Grundlage unserer berechtigten Interessen am\nDirektmarketing gem. Art. 6 Abs. 1 lt. f. DSGVO i.V.m. \u00a7 7 Abs. 3\nUWG. <br>\n<br>\nDie Protokollierung des Anmeldeverfahrens erfolgt\nauf Grundlage unserer berechtigten Interessen gem. Art. 6 Abs. 1 lit.\nf DSGVO. Unser Interesse richtet sich auf den Einsatz eines\nnutzerfreundlichen sowie sicheren Newslettersystems, das sowohl\nunseren gesch\u00e4ftlichen Interessen dient, als auch den Erwartungen\nder Nutzer entspricht und uns ferner den Nachweis von Einwilligungen\nerlaubt.<br>\n<br>\nK\u00fcndigung\/Widerruf &#8211; Sie k\u00f6nnen den Empfang\nunseres Newsletters jederzeit k\u00fcndigen, d.h. Ihre Einwilligungen\nwiderrufen. Einen Link zur K\u00fcndigung des Newsletters finden Sie am\nEnde eines jeden Newsletters. Wir k\u00f6nnen die ausgetragenen\nE-Mailadressen bis zu drei Jahren auf Grundlage unserer berechtigten\nInteressen speichern bevor wir sie l\u00f6schen, um eine ehemals gegebene\nEinwilligung nachweisen zu k\u00f6nnen. Die Verarbeitung dieser Daten\nwird auf den Zweck einer m\u00f6glichen Abwehr von Anspr\u00fcchen\nbeschr\u00e4nkt. Ein individueller L\u00f6schungsantrag ist jederzeit\nm\u00f6glich, sofern zugleich das ehemalige Bestehen einer Einwilligung\nbest\u00e4tigt wird.<\/p>\n\n\n\n<h3 class=\"wp-block-heading\">\n<strong>Newsletter\n&#8211; Mailchimp<\/strong><\/h3>\n\n\n\n<p>\nDer\nVersand der Newsletter erfolgt mittels des Versanddienstleisters\n\u201eMailChimp\u201c, einer Newsletterversandplattform des US-Anbieters\nRocket Science Group, LLC, 675 Ponce De Leon Ave NE #5000, Atlanta,\nGA 30308, USA. Die Datenschutzbestimmungen des Versanddienstleisters\nk\u00f6nnen Sie hier einsehen: <a href=\"https:\/\/mailchimp.com\/legal\/privacy\/\" target=\"_blank\" rel=\"noreferrer noopener\">https:\/\/mailchimp.com\/legal\/privacy\/<\/a>.\nThe Rocket Science Group LLC d\/b\/a MailChimp ist unter dem\nPrivacy-Shield-Abkommen zertifiziert und bietet hierdurch eine\nGarantie, das europ\u00e4isches Datenschutzniveau einzuhalten\n(<a href=\"https:\/\/www.privacyshield.gov\/participant?id=a2zt0000000TO6hAAG&amp;status=Active\" target=\"_blank\" rel=\"noreferrer noopener\">https:\/\/www.privacyshield.gov\/participant?id=a2zt0000000TO6hAAG&amp;status=Active<\/a>).\nDer Versanddienstleister wird auf Grundlage unserer berechtigten\nInteressen gem. Art. 6 Abs. 1 lit. f. DSGVO und eines\nAuftragsverarbeitungsvertrages gem. Art. 28 Abs. 3 S. 1 DSGVO\neingesetzt.<br>\n<br>\nDer Versanddienstleister kann die Daten der\nEmpf\u00e4nger in pseudonymer Form, d.h. ohne Zuordnung zu einem Nutzer,\nzur Optimierung oder Verbesserung der eigenen Services nutzen, z.B.\nzur technischen Optimierung des Versandes und der Darstellung der\nNewsletter oder f\u00fcr statistische Zwecke verwenden. Der\nVersanddienstleister nutzt die Daten unserer Newsletterempf\u00e4nger\njedoch nicht, um diese selbst anzuschreiben oder um die Daten an\nDritte weiterzugeben.<\/p>\n\n\n\n<h3 class=\"wp-block-heading\">\n<strong>Hosting\nund E-Mail-Versand<\/strong><\/h3>\n\n\n\n<p>\nDie\nvon uns in Anspruch genommenen Hosting-Leistungen dienen der\nZurverf\u00fcgungstellung der folgenden Leistungen: Infrastruktur- und\nPlattformdienstleistungen, Rechenkapazit\u00e4t, Speicherplatz und\nDatenbankdienste, E-Mail-Versand, Sicherheitsleistungen sowie\ntechnische Wartungsleistungen, die wir zum Zwecke des Betriebs dieses\nOnlineangebotes einsetzen. <br>\n<br>\nHierbei verarbeiten wir, bzw.\nunser Hostinganbieter Bestandsdaten, Kontaktdaten, Inhaltsdaten,\nVertragsdaten, Nutzungsdaten, Meta- und Kommunikationsdaten von\nKunden, Interessenten und Besuchern dieses Onlineangebotes auf\nGrundlage unserer berechtigten Interessen an einer effizienten und\nsicheren Zurverf\u00fcgungstellung dieses Onlineangebotes gem. Art. 6\nAbs. 1 lit. f DSGVO i.V.m. Art. 28 DSGVO (Abschluss\nAuftragsverarbeitungsvertrag).<\/p>\n\n\n\n<h3 class=\"wp-block-heading\">\n<strong>Erhebung\nvon Zugriffsdaten und Logfiles<\/strong><\/h3>\n\n\n\n<p>\nWir,\nbzw. unser Hostinganbieter, erhebt auf Grundlage unserer berechtigten\nInteressen im Sinne des Art. 6 Abs. 1 lit. f. DSGVO Daten \u00fcber jeden\nZugriff auf den Server, auf dem sich dieser Dienst befindet\n(sogenannte Serverlogfiles). Zu den Zugriffsdaten geh\u00f6ren Name der\nabgerufenen Webseite, Datei, Datum und Uhrzeit des Abrufs,\n\u00fcbertragene Datenmenge, Meldung \u00fcber erfolgreichen Abruf,\nBrowsertyp nebst Version, das Betriebssystem des Nutzers, Referrer\nURL (die zuvor besuchte Seite), IP-Adresse und der anfragende\nProvider.<br>\n<br>\nLogfile-Informationen werden aus\nSicherheitsgr\u00fcnden (z.B. zur Aufkl\u00e4rung von Missbrauchs- oder\nBetrugshandlungen) f\u00fcr die Dauer von maximal 7 Tagen gespeichert und\ndanach gel\u00f6scht. Daten, deren weitere Aufbewahrung zu Beweiszwecken\nerforderlich ist, sind bis zur endg\u00fcltigen Kl\u00e4rung des jeweiligen\nVorfalls von der L\u00f6schung ausgenommen.<\/p>\n\n\n\n<h3 class=\"wp-block-heading\">\n<strong>Onlinepr\u00e4senzen\nin sozialen Medien<\/strong><\/h3>\n\n\n\n<p>\nWir\nunterhalten Onlinepr\u00e4senzen innerhalb sozialer Netzwerke und\nPlattformen, um mit den dort aktiven Kunden, Interessenten und\nNutzern kommunizieren und sie dort \u00fcber unsere Leistungen\ninformieren zu k\u00f6nnen.<br>\n<br>\nWir weisen darauf hin, dass dabei\nDaten der Nutzer au\u00dferhalb des Raumes der Europ\u00e4ischen Union\nverarbeitet werden k\u00f6nnen. Hierdurch k\u00f6nnen sich f\u00fcr die Nutzer\nRisiken ergeben, weil so z.B. die Durchsetzung der Rechte der Nutzer\nerschwert werden k\u00f6nnte. Im Hinblick auf US-Anbieter die unter dem\nPrivacy-Shield zertifiziert sind, weisen wir darauf hin, dass sie\nsich damit verpflichten, die Datenschutzstandards der EU\neinzuhalten.<br>\n<br>\nFerner werden die Daten der Nutzer im\nRegelfall f\u00fcr Marktforschungs- und Werbezwecke verarbeitet. So\nk\u00f6nnen z.B. aus dem Nutzungsverhalten und sich daraus ergebenden\nInteressen der Nutzer Nutzungsprofile erstellt werden. Die\nNutzungsprofile k\u00f6nnen wiederum verwendet werden, um z.B.\nWerbeanzeigen innerhalb und au\u00dferhalb der Plattformen zu schalten,\ndie mutma\u00dflich den Interessen der Nutzer entsprechen. Zu diesen\nZwecken werden im Regelfall Cookies auf den Rechnern der Nutzer\ngespeichert, in denen das Nutzungsverhalten und die Interessen der\nNutzer gespeichert werden. Ferner k\u00f6nnen in den Nutzungsprofilen\nauch Daten unabh\u00e4ngig der von den Nutzern verwendeten Ger\u00e4te\ngespeichert werden (insbesondere wenn die Nutzer Mitglieder der\njeweiligen Plattformen sind und bei diesen eingeloggt sind).<br>\n<br>\nDie\nVerarbeitung der personenbezogenen Daten der Nutzer erfolgt auf\nGrundlage unserer berechtigten Interessen an einer effektiven\nInformation der Nutzer und Kommunikation mit den Nutzern gem. Art. 6\nAbs. 1 lit. f. DSGVO. Falls die Nutzer von den jeweiligen Anbietern\nder Plattformen um eine Einwilligung in die vorbeschriebene\nDatenverarbeitung gebeten werden, ist die Rechtsgrundlage der\nVerarbeitung Art. 6 Abs. 1 lit. a., Art. 7 DSGVO.<br>\n<br>\nF\u00fcr\neine detaillierte Darstellung der jeweiligen Verarbeitungen und der\nWiderspruchsm\u00f6glichkeiten (Opt-Out), verweisen wir auf die\nnachfolgend verlinkten Angaben der Anbieter.<br>\n<br>\nAuch im Fall\nvon Auskunftsanfragen und der Geltendmachung von Nutzerrechten,\nweisen wir darauf hin, dass diese am effektivsten bei den Anbietern\ngeltend gemacht werden k\u00f6nnen. Nur die Anbieter haben jeweils\nZugriff auf die Daten der Nutzer und k\u00f6nnen direkt entsprechende\nMa\u00dfnahmen ergreifen und Ausk\u00fcnfte geben. Sollten Sie dennoch Hilfe\nben\u00f6tigen, dann k\u00f6nnen Sie sich an uns wenden.<br>\n<br>\n&#8211;\nFacebook, -Seiten, -Gruppen, (Facebook Ireland Ltd., 4 Grand Canal\nSquare, Grand Canal Harbour, Dublin 2, Irland) auf Grundlage einer\n<a href=\"https:\/\/www.facebook.com\/legal\/terms\/page_controller_addendum\" target=\"_blank\" rel=\"noreferrer noopener\">Vereinbarung\n\u00fcber gemeinsame Verarbeitung personenbezogener Daten<\/a>\n&#8211; Datenschutzerkl\u00e4rung: <a href=\"https:\/\/www.facebook.com\/about\/privacy\/\" target=\"_blank\" rel=\"noreferrer noopener\">https:\/\/www.facebook.com\/about\/privacy\/<\/a>,\nspeziell f\u00fcr Seiten:\n<a href=\"https:\/\/www.facebook.com\/legal\/terms\/information_about_page_insights_data\" target=\"_blank\" rel=\"noreferrer noopener\">https:\/\/www.facebook.com\/legal\/terms\/information_about_page_insights_data<\/a>\n, Opt-Out: <a href=\"https:\/\/www.facebook.com\/settings?tab=ads\" target=\"_blank\" rel=\"noreferrer noopener\">https:\/\/www.facebook.com\/settings?tab=ads<\/a>\nund <a href=\"http:\/\/www.youronlinechoices.com\/\" target=\"_blank\" rel=\"noreferrer noopener\">http:\/\/www.youronlinechoices.com<\/a>,\nPrivacy Shield:\n<a href=\"https:\/\/www.privacyshield.gov\/participant?id=a2zt0000000GnywAAC&amp;status=Active\" target=\"_blank\" rel=\"noreferrer noopener\">https:\/\/www.privacyshield.gov\/participant?id=a2zt0000000GnywAAC&amp;status=Active<\/a>.<br>\n<br>\n&#8211;\nGoogle\/ YouTube (Google Ireland Limited, Gordon House, Barrow Street,\nDublin 4, Irland) \u2013 Datenschutzerkl\u00e4rung:\n&nbsp;<a href=\"https:\/\/policies.google.com\/privacy\" target=\"_blank\" rel=\"noreferrer noopener\">https:\/\/policies.google.com\/privacy<\/a>,\nOpt-Out: <a href=\"https:\/\/adssettings.google.com\/authenticated\" target=\"_blank\" rel=\"noreferrer noopener\">https:\/\/adssettings.google.com\/authenticated<\/a>,\nPrivacy Shield:\n<a href=\"https:\/\/www.privacyshield.gov\/participant?id=a2zt000000001L5AAI&amp;status=Active\" target=\"_blank\" rel=\"noreferrer noopener\">https:\/\/www.privacyshield.gov\/participant?id=a2zt000000001L5AAI&amp;status=Active<\/a>.<br>\n<br>\n&#8211;\nInstagram (Instagram Inc., 1601 Willow Road, Menlo Park, CA, 94025,\nUSA) \u2013 Datenschutzerkl\u00e4rung\/ Opt-Out:\n<a href=\"http:\/\/instagram.com\/about\/legal\/privacy\/\" target=\"_blank\" rel=\"noreferrer noopener\">http:\/\/instagram.com\/about\/legal\/privacy\/<\/a>.<br>\n<br>\n&#8211;\nTwitter (Twitter Inc., 1355 Market Street, Suite 900, San Francisco,\nCA 94103, USA) &#8211; Datenschutzerkl\u00e4rung:\n<a href=\"https:\/\/twitter.com\/de\/privacy\" target=\"_blank\" rel=\"noreferrer noopener\">https:\/\/twitter.com\/de\/privacy<\/a>,\nOpt-Out: <a href=\"https:\/\/twitter.com\/personalization\" target=\"_blank\" rel=\"noreferrer noopener\">https:\/\/twitter.com\/personalization<\/a>,\nPrivacy Shield:\n<a href=\"https:\/\/www.privacyshield.gov\/participant?id=a2zt0000000TORzAAO&amp;status=Active\" target=\"_blank\" rel=\"noreferrer noopener\">https:\/\/www.privacyshield.gov\/participant?id=a2zt0000000TORzAAO&amp;status=Active<\/a>.<br>\n<br>\n&#8211;\nPinterest (Pinterest Inc., 635 High Street, Palo Alto, CA, 94301,\nUSA) \u2013 Datenschutzerkl\u00e4rung\/ Opt-Out:\n<a href=\"https:\/\/about.pinterest.com\/de\/privacy-policy\" target=\"_blank\" rel=\"noreferrer noopener\">https:\/\/about.pinterest.com\/de\/privacy-policy<\/a>.<br>\n<br>\n&#8211;\nLinkedIn (LinkedIn Ireland Unlimited Company Wilton Place, Dublin 2,\nIrland) &#8211; Datenschutzerkl\u00e4rung\n<a href=\"https:\/\/www.linkedin.com\/legal\/privacy-policy\" target=\"_blank\" rel=\"noreferrer noopener\">https:\/\/www.linkedin.com\/legal\/privacy-policy<\/a>\n, Opt-Out:\n<a href=\"https:\/\/www.linkedin.com\/psettings\/guest-controls\/retargeting-opt-out\" target=\"_blank\" rel=\"noreferrer noopener\">https:\/\/www.linkedin.com\/psettings\/guest-controls\/retargeting-opt-out<\/a>,\nPrivacy\nShield:&nbsp;<a href=\"https:\/\/www.privacyshield.gov\/participant?id=a2zt0000000L0UZAA0&amp;status=Active\" target=\"_blank\" rel=\"noreferrer noopener\">https:\/\/www.privacyshield.gov\/participant?id=a2zt0000000L0UZAA0&amp;status=Active<\/a>.<br>\n<br>\n&#8211;\nXing (XING AG, Dammtorstra\u00dfe 29-32, 20354 Hamburg, Deutschland) &#8211;\nDatenschutzerkl\u00e4rung\/ Opt-Out:\n<a href=\"https:\/\/privacy.xing.com\/de\/datenschutzerklaerung\" target=\"_blank\" rel=\"noreferrer noopener\">https:\/\/privacy.xing.com\/de\/datenschutzerklaerung<\/a>.<br>\n<br>\n&#8211;\nWakalet (Wakelet Limited, 76 Quay Street, Manchester, M3 4PR, United\nKingdom) &#8211; Datenschutzerkl\u00e4rung\/ Opt-Out:\n<a href=\"https:\/\/wakelet.com\/privacy.html\" target=\"_blank\" rel=\"noreferrer noopener\">https:\/\/wakelet.com\/privacy.html<\/a>.<br>\n<br>\n&#8211;\nSoundcloud (SoundCloud Limited, Rheinsberger Str. 76\/77, 10115\nBerlin, Deutschland) &#8211; Datenschutzerkl\u00e4rung\/ Opt-Out:\n<a href=\"https:\/\/soundcloud.com\/pages\/privacy\" target=\"_blank\" rel=\"noreferrer noopener\">https:\/\/soundcloud.com\/pages\/privacy<\/a>.<\/p>\n\n\n\n<h3 class=\"wp-block-heading\">\n<strong>Einbindung\nvon Diensten und Inhalten Dritter<\/strong><\/h3>\n\n\n\n<p>\nWir\nsetzen innerhalb unseres Onlineangebotes auf Grundlage unserer\nberechtigten Interessen (d.h. Interesse an der Analyse, Optimierung\nund wirtschaftlichem Betrieb unseres Onlineangebotes im Sinne des\nArt. 6 Abs. 1 lit. f. DSGVO) Inhalts- oder Serviceangebote von\nDrittanbietern ein, um deren Inhalte und Services, wie z.B. Videos\noder Schriftarten einzubinden (nachfolgend einheitlich bezeichnet als\n\u201cInhalte\u201d). <br>\n<br>\nDies setzt immer voraus, dass die\nDrittanbieter dieser Inhalte, die IP-Adresse der Nutzer wahrnehmen,\nda sie ohne die IP-Adresse die Inhalte nicht an deren Browser senden\nk\u00f6nnten. Die IP-Adresse ist damit f\u00fcr die Darstellung dieser\nInhalte erforderlich. Wir bem\u00fchen uns nur solche Inhalte zu\nverwenden, deren jeweilige Anbieter die IP-Adresse lediglich zur\nAuslieferung der Inhalte verwenden. Drittanbieter k\u00f6nnen ferner so\ngenannte Pixel-Tags (unsichtbare Grafiken, auch als &#8222;Web\nBeacons&#8220; bezeichnet) f\u00fcr statistische oder Marketingzwecke\nverwenden. Durch die &#8222;Pixel-Tags&#8220; k\u00f6nnen Informationen,\nwie der Besucherverkehr auf den Seiten dieser Website ausgewertet\nwerden. Die pseudonymen Informationen k\u00f6nnen ferner in Cookies auf\ndem Ger\u00e4t der Nutzer gespeichert werden und unter anderem technische\nInformationen zum Browser und Betriebssystem, verweisende Webseiten,\nBesuchszeit sowie weitere Angaben zur Nutzung unseres Onlineangebotes\nenthalten, als auch mit solchen Informationen aus anderen Quellen\nverbunden werden.<\/p>\n\n\n\n<h3 class=\"wp-block-heading\">\n<strong>Youtube<\/strong><\/h3>\n\n\n\n<p>\nWir\nbinden die Videos der Plattform \u201cYouTube\u201d des Anbieters Google\nIreland Limited, Gordon House, Barrow Street, Dublin 4, Irland, ein.\nDatenschutzerkl\u00e4rung: <a href=\"https:\/\/www.google.com\/policies\/privacy\/\" target=\"_blank\" rel=\"noreferrer noopener\">https:\/\/www.google.com\/policies\/privacy\/<\/a>,\nOpt-Out: <a href=\"https:\/\/adssettings.google.com\/authenticated\" target=\"_blank\" rel=\"noreferrer noopener\">https:\/\/adssettings.google.com\/authenticated<\/a>.<\/p>\n\n\n\n<h3 class=\"wp-block-heading\">\n<strong>Google\nFonts<\/strong><\/h3>\n\n\n\n<p>\nWir\nbinden die Schriftarten (&#8222;Google Fonts&#8220;) des Anbieters\nGoogle Ireland Limited, Gordon House, Barrow Street, Dublin 4,\nIrland, ein. Nach Angaben von Google werden die Daten der Nutzer\nallein zu Zwecken der Darstellung der Schriftarten im Browser der\nNutzer verwendet. Die Einbindung erfolgt auf Grundlage unserer\nberechtigten Interessen an einer technisch sicheren, wartungsfreien\nund effizienten Nutzung von Schriftarten, deren einheitlicher\nDarstellung sowie Ber\u00fccksichtigung m\u00f6glicher lizenzrechtlicher\nRestriktionen f\u00fcr deren Einbindung. Datenschutzerkl\u00e4rung:\n<a href=\"https:\/\/www.google.com\/policies\/privacy\/\" target=\"_blank\" rel=\"noreferrer noopener\">https:\/\/www.google.com\/policies\/privacy\/<\/a>.<\/p>\n\n\n\n<h3 class=\"wp-block-heading\">\n<strong>Google\nMaps<\/strong><\/h3>\n\n\n\n<p>\nWir\nbinden die Landkarten des Dienstes \u201cGoogle Maps\u201d des Anbieters\nGoogle Ireland Limited, Gordon House, Barrow Street, Dublin 4,\nIrland, ein. Zu den verarbeiteten Daten k\u00f6nnen insbesondere\nIP-Adressen und Standortdaten der Nutzer geh\u00f6ren, die jedoch nicht\nohne deren Einwilligung (im Regelfall im Rahmen der Einstellungen\nihrer Mobilger\u00e4te vollzogen), erhoben werden. Die Daten k\u00f6nnen in\nden USA verarbeitet werden. Datenschutzerkl\u00e4rung:\n<a href=\"https:\/\/www.google.com\/policies\/privacy\/\" target=\"_blank\" rel=\"noreferrer noopener\">https:\/\/www.google.com\/policies\/privacy\/<\/a>,\nOpt-Out: <a href=\"https:\/\/adssettings.google.com\/authenticated\" target=\"_blank\" rel=\"noreferrer noopener\">https:\/\/adssettings.google.com\/authenticated<\/a>.<\/p>\n\n\n\n<h3 class=\"wp-block-heading\">\n<strong>OpenStreetMap<\/strong><\/h3>\n\n\n\n<p>\nWir\nbinden die Landkarten des Dienstes &#8222;OpenStreetMap&#8220; ein\n(<a href=\"https:\/\/www.openstreetmap.de\/\" target=\"_blank\" rel=\"noreferrer noopener\">https:\/\/www.openstreetmap.de<\/a>),\ndie auf Grundlage der Open Data Commons Open Database Lizenz (ODbL)\ndurch die OpenStreetMap Foundation (OSMF) angeboten werden.\nDatenschutzerkl\u00e4rung:\n<a href=\"https:\/\/wiki.openstreetmap.org\/wiki\/Privacy_Policy\" target=\"_blank\" rel=\"noreferrer noopener\">https:\/\/wiki.openstreetmap.org\/wiki\/Privacy_Policy<\/a>.\n<br>\n<br>\nNach unserer Kenntnis werden die Daten der Nutzer durch\nOpenStreetMap ausschlie\u00dflich zu Zwecken der Darstellung der\nKartenfunktionen und Zwischenspeicherung der gew\u00e4hlten Einstellungen\nverwendet. Zu diesen Daten k\u00f6nnen insbesondere IP-Adressen und\nStandortdaten der Nutzer geh\u00f6ren, die jedoch nicht ohne deren\nEinwilligung (im Regelfall im Rahmen der Einstellungen ihrer\nMobilger\u00e4te vollzogen), erhoben werden. <br>\n<br>\nDie Daten k\u00f6nnen\nin den USA verarbeitet werden. Weitere Informationen k\u00f6nnen Sie der\nDatenschutzerkl\u00e4rung von OpenStreetMap entnehmen:\n<a href=\"https:\/\/wiki.openstreetmap.org\/wiki\/Privacy_Policy\" target=\"_blank\" rel=\"noreferrer noopener\">https:\/\/wiki.openstreetmap.org\/wiki\/Privacy_Policy<\/a>.<\/p>\n\n\n\n<h3 class=\"wp-block-heading\">\n<strong>Instagram<\/strong><\/h3>\n\n\n\n<p>\nInnerhalb\nunseres Onlineangebotes k\u00f6nnen Funktionen und Inhalte des Dienstes\nInstagram, angeboten durch die Instagram Inc., 1601 Willow Road,\nMenlo Park, CA, 94025, USA, eingebunden werden. Hierzu k\u00f6nnen z.B.\nInhalte wie Bilder, Videos oder Texte und Schaltfl\u00e4chen geh\u00f6ren,\nmit denen Nutzer Inhalte dieses Onlineangebotes innerhalb von\nInstagram teilen k\u00f6nnen. Sofern die Nutzer Mitglieder der Plattform\nInstagram sind, kann Instagram den Aufruf der o.g. Inhalte und\nFunktionen den dortigen Profilen der Nutzer zuordnen.\nDatenschutzerkl\u00e4rung von Instagram:\n<a href=\"http:\/\/instagram.com\/about\/legal\/privacy\/\" target=\"_blank\" rel=\"noreferrer noopener\">http:\/\/instagram.com\/about\/legal\/privacy\/<\/a>.\n\n<\/p>\n\n\n\n<p><a href=\"https:\/\/datenschutz-generator.de\/\" target=\"_blank\" rel=\"noreferrer noopener\">Erstellt\nmit Datenschutz-Generator.de von RA Dr. Thomas Schwenke<\/a><\/p>\n","protected":false},"excerpt":{"rendered":"<p>Diese Datenschutzerkl\u00e4rung kl\u00e4rt Sie \u00fcber die Art, den Umfang und Zweck der Verarbeitung von personenbezogenen Daten (nachfolgend kurz \u201eDaten\u201c) im Rahmen der Erbringung unserer Leistungen sowie innerhalb unseres Onlineangebotes und [&hellip;]<\/p>\n","protected":false},"author":2,"featured_media":0,"parent":0,"menu_order":0,"comment_status":"closed","ping_status":"open","template":"fullwidth-page.php","meta":{"footnotes":""},"class_list":["post-1332","page","type-page","status-publish","hentry"],"_links":{"self":[{"href":"https:\/\/emiliaromagnainberlin.de\/de\/wp-json\/wp\/v2\/pages\/1332","targetHints":{"allow":["GET"]}}],"collection":[{"href":"https:\/\/emiliaromagnainberlin.de\/de\/wp-json\/wp\/v2\/pages"}],"about":[{"href":"https:\/\/emiliaromagnainberlin.de\/de\/wp-json\/wp\/v2\/types\/page"}],"author":[{"embeddable":true,"href":"https:\/\/emiliaromagnainberlin.de\/de\/wp-json\/wp\/v2\/users\/2"}],"replies":[{"embeddable":true,"href":"https:\/\/emiliaromagnainberlin.de\/de\/wp-json\/wp\/v2\/comments?post=1332"}],"version-history":[{"count":5,"href":"https:\/\/emiliaromagnainberlin.de\/de\/wp-json\/wp\/v2\/pages\/1332\/revisions"}],"predecessor-version":[{"id":1397,"href":"https:\/\/emiliaromagnainberlin.de\/de\/wp-json\/wp\/v2\/pages\/1332\/revisions\/1397"}],"wp:attachment":[{"href":"https:\/\/emiliaromagnainberlin.de\/de\/wp-json\/wp\/v2\/media?parent=1332"}],"curies":[{"name":"wp","href":"https:\/\/api.w.org\/{rel}","templated":true}]}}